{"id":184,"date":"2022-04-20T10:41:23","date_gmt":"2022-04-20T08:41:23","guid":{"rendered":"http:\/\/eveil-musical-lille.fr\/?page_id=184"},"modified":"2024-07-20T14:09:46","modified_gmt":"2024-07-20T12:09:46","slug":"leveil-musical-a-lille-3","status":"publish","type":"page","link":"https:\/\/eveil-musical-lille.fr\/index.php\/leveil-musical-a-lille-3\/","title":{"rendered":"CONTACT"},"content":{"rendered":"<hr \/>\n<h1 class=\"has-text-align-right has-text-color\" style=\"color: #ffffff;\"><em><span style=\"font-size: large;\">L&#8217;\u00e9veil musical \u00e0 Lille m\u00e9tropole : \u00ab\u00a0le professeur de votre enfant \u00e0 votre \u00e9coute \u00bb\u00a0<\/span><\/em><\/h1>\n<p>&nbsp;<\/p>\n<p class=\"has-text-align-justify has-text-color\" style=\"color: #a6a6a6;\"><span style=\"font-size: large;\">Vous souhaitez de plus amples informations sur l&#8217;\u00e9veil musical, \u00e0 Lille et sa m\u00e9tropole. N&#8217;h\u00e9sitez pas \u00e0 nous contacter au <a style=\"color: #ff8300;\" href=\"tel:0612667998\"><strong>06 12 66 79 98<\/strong><\/a> ou en utilisant le formulaire ci-dessous. Nous serons ravis de vous renseigner.<\/span><\/p>\n\n<div class=\"wpcf7 no-js\" id=\"wpcf7-f429-o1\" lang=\"fr-FR\" dir=\"ltr\" data-wpcf7-id=\"429\">\n<div class=\"screen-reader-response\"><p role=\"status\" aria-live=\"polite\" aria-atomic=\"true\"><\/p> <ul><\/ul><\/div>\n<form action=\"\/index.php\/wp-json\/wp\/v2\/pages\/184#wpcf7-f429-o1\" method=\"post\" class=\"wpcf7-form init\" aria-label=\"Formulaire de contact\" novalidate=\"novalidate\" data-status=\"init\">\n<fieldset class=\"hidden-fields-container\"><input type=\"hidden\" name=\"_wpcf7\" value=\"429\" \/><input type=\"hidden\" name=\"_wpcf7_version\" value=\"6.1.5\" \/><input type=\"hidden\" name=\"_wpcf7_locale\" value=\"fr_FR\" \/><input type=\"hidden\" name=\"_wpcf7_unit_tag\" value=\"wpcf7-f429-o1\" \/><input type=\"hidden\" name=\"_wpcf7_container_post\" value=\"0\" \/><input type=\"hidden\" name=\"_wpcf7_posted_data_hash\" value=\"\" \/><input type=\"hidden\" name=\"_wpcf7_recaptcha_response\" value=\"\" \/>\n<\/fieldset>\n<p><label> Votre nom<br \/>\n<span class=\"wpcf7-form-control-wrap\" data-name=\"your-name\"><input size=\"40\" maxlength=\"400\" class=\"wpcf7-form-control wpcf7-text wpcf7-validates-as-required\" aria-required=\"true\" aria-invalid=\"false\" value=\"\" type=\"text\" name=\"your-name\" \/><\/span> <\/label>\n<\/p>\n<p><label> Votre num\u00e9ro de t\u00e9l\u00e9phone<br \/>\n<span class=\"wpcf7-form-control-wrap\" data-name=\"tel-240\"><input size=\"40\" maxlength=\"400\" class=\"wpcf7-form-control wpcf7-tel wpcf7-validates-as-required wpcf7-text wpcf7-validates-as-tel\" aria-required=\"true\" aria-invalid=\"false\" value=\"\" type=\"tel\" name=\"tel-240\" \/><\/span><\/label>\n<\/p>\n<p><label> Votre e-mail<br \/>\n<span class=\"wpcf7-form-control-wrap\" data-name=\"your-email\"><input size=\"40\" maxlength=\"400\" class=\"wpcf7-form-control wpcf7-email wpcf7-validates-as-required wpcf7-text wpcf7-validates-as-email\" aria-required=\"true\" aria-invalid=\"false\" value=\"\" type=\"email\" name=\"your-email\" \/><\/span> <\/label>\n<\/p>\n<p><label> Votre message (facultatif)<br \/>\n<span class=\"wpcf7-form-control-wrap\" data-name=\"your-message\"><textarea cols=\"40\" rows=\"10\" maxlength=\"2000\" class=\"wpcf7-form-control wpcf7-textarea\" aria-invalid=\"false\" name=\"your-message\"><\/textarea><\/span> <\/label>\n<\/p>\n<p><input class=\"wpcf7-form-control wpcf7-submit has-spinner\" type=\"submit\" value=\"Envoyer\" \/>\n<\/p><div class=\"wpcf7-response-output\" aria-hidden=\"true\"><\/div>\n<\/form>\n<\/div>\n\n<p><iframe loading=\"lazy\" style=\"border: 0;\" src=\"https:\/\/www.google.com\/maps\/embed?pb=!1m18!1m12!1m3!1d2526.259302657045!2d3.1663816159508897!3d50.71512837613861!2m3!1f0!2f0!3f0!3m2!1i1024!2i768!4f13.1!3m3!1m2!1s0x47c329fc42a483b1%3A0xa4d5c9a1c544dfb3!2sEveil%20musical%20-%20Lille%20m%C3%A9tropole%20(Musician%20Kids%20Institute)!5e0!3m2!1sfr!2sfr!4v1651743433132!5m2!1sfr!2sfr\" width=\"600\" height=\"450\" allowfullscreen=\"allowfullscreen\"><\/iframe><\/p>\n<p class=\"has-text-align-justify has-text-color\" style=\"color: #a6a6a6;\">En outre, si vous recherchez d&#8217;autres types de cours, vous trouverez ici :<\/span><\/p>\n<ul>\n<li>\n<p class=\"has-text-align-justify has-text-color\" style=\"color: #a6a6a6;\">Des cours de piano : <a style=\"color: #ff8300;\" href=\"https:\/\/cours-piano-lille.fr\/\" target=\"_blank\" rel=\"noopener\">Musician Institute<\/a><\/span><\/p>\n<\/li>\n<li>\n<p class=\"has-text-align-justify has-text-color\" style=\"color: #a6a6a6;\">Des cours de guitare pour adolescents et adultes :<a style=\"color: #ff8300;\" href=\"http:\/\/www.cours-guitare-lille.fr\" target=\"_blank\" rel=\"noopener\"> Guitar Lessons<\/a><\/span><\/p>\n<\/li>\n<li>\n<p class=\"has-text-align-justify has-text-color\" style=\"color: #a6a6a6;\">Des cours de ukul\u00e9l\u00e9 et de guitare basse : <a style=\"color: #ff8300;\" href=\"https:\/\/www.cours-guitare-lille.fr\/cours-guitare-lille-10\/\" target=\"_blank\" rel=\"noopener\">Ukul\u00e9l\u00e9 &#8211; Basse<\/a><\/span><\/p>\n<\/li>\n<p><a href=\"https:\/\/eveil-musical-lille.fr\/\/\" target=\"_blank\" rel=\"noopener\"><img loading=\"lazy\" decoding=\"async\" class=\"alignright wp-image-516 size-medium\" title=\"\u00e9veil musical\" src=\"https:\/\/eveil-musical-lille.fr\/wp-content\/uploads\/2022\/05\/horloge-2-250x300.png\" alt=\"\u00e9veil musical\" width=\"50\" height=\"300\" \/><\/a><\/p>\n","protected":false},"excerpt":{"rendered":"<p>L&#8217;\u00e9veil musical \u00e0 Lille m\u00e9tropole : \u00ab\u00a0le professeur de votre enfant \u00e0 votre \u00e9coute \u00bb\u00a0 &nbsp; Vous souhaitez de plus amples informations sur l&#8217;\u00e9veil musical, \u00e0 Lille et sa m\u00e9tropole. N&#8217;h\u00e9sitez pas \u00e0 nous contacter au 06 12 66 79 98 ou en utilisant le formulaire ci-dessous. Nous serons ravis de vous renseigner. En outre,<\/p><\/div>\n<div class=\"blog-btn\"><a href=\"https:\/\/eveil-musical-lille.fr\/index.php\/leveil-musical-a-lille-3\/\" class=\"home-blog-btn\">Read More<\/a><\/p>\n","protected":false},"author":1,"featured_media":0,"parent":0,"menu_order":0,"comment_status":"closed","ping_status":"closed","template":"","meta":{"footnotes":""},"class_list":["post-184","page","type-page","status-publish","hentry"],"yoast_head":"<!-- This site is optimized with the Yoast SEO plugin v27.5 - https:\/\/yoast.com\/product\/yoast-seo-wordpress\/ -->\n<title>CONTACT - EVEIL MUSICAL A LILLE METROPOLE<\/title>\n<meta name=\"description\" content=\"Musician Kids Institute (l&#039;\u00e9veil musical \u00e0 Lille) est une \u00e9cole professionnelle, situ\u00e9e \u00e0 Tourcoing, ouverte \u00e0 tous les \u00e9l\u00e8ves de 4 \u00e0 10 ans.\" \/>\n<meta name=\"robots\" content=\"index, follow, max-snippet:-1, max-image-preview:large, max-video-preview:-1\" \/>\n<link rel=\"canonical\" href=\"https:\/\/eveil-musical-lille.fr\/index.php\/leveil-musical-a-lille-3\/\" \/>\n<meta property=\"og:locale\" content=\"en_US\" \/>\n<meta property=\"og:type\" content=\"article\" \/>\n<meta property=\"og:title\" content=\"CONTACT - EVEIL MUSICAL A LILLE METROPOLE\" \/>\n<meta property=\"og:description\" content=\"Musician Kids Institute (l&#039;\u00e9veil musical \u00e0 Lille) est une \u00e9cole professionnelle, situ\u00e9e \u00e0 Tourcoing, ouverte \u00e0 tous les \u00e9l\u00e8ves de 4 \u00e0 10 ans.\" \/>\n<meta property=\"og:url\" content=\"https:\/\/eveil-musical-lille.fr\/index.php\/leveil-musical-a-lille-3\/\" \/>\n<meta property=\"og:site_name\" content=\"EVEIL MUSICAL A LILLE METROPOLE\" \/>\n<meta property=\"article:publisher\" content=\"https:\/\/www.facebook.com\/Musician-Kids-Institute-101004575925575\/\" \/>\n<meta property=\"article:modified_time\" content=\"2024-07-20T12:09:46+00:00\" \/>\n<meta property=\"og:image\" content=\"https:\/\/eveil-musical-lille.fr\/wp-content\/uploads\/2022\/05\/horloge-2-250x300.png\" \/>\n<meta name=\"twitter:card\" content=\"summary_large_image\" \/>\n<meta name=\"twitter:label1\" content=\"Est. reading time\" \/>\n\t<meta name=\"twitter:data1\" content=\"1 minute\" \/>\n<script type=\"application\/ld+json\" class=\"yoast-schema-graph\">{\"@context\":\"https:\\\/\\\/schema.org\",\"@graph\":[{\"@type\":\"Article\",\"@id\":\"https:\\\/\\\/eveil-musical-lille.fr\\\/index.php\\\/leveil-musical-a-lille-3\\\/#article\",\"isPartOf\":{\"@id\":\"https:\\\/\\\/eveil-musical-lille.fr\\\/index.php\\\/leveil-musical-a-lille-3\\\/\"},\"author\":{\"name\":\"admin3546\",\"@id\":\"https:\\\/\\\/eveil-musical-lille.fr\\\/#\\\/schema\\\/person\\\/70ed6027c232abf21f648b176cd6af93\"},\"headline\":\"CONTACT\",\"datePublished\":\"2022-04-20T08:41:23+00:00\",\"dateModified\":\"2024-07-20T12:09:46+00:00\",\"mainEntityOfPage\":{\"@id\":\"https:\\\/\\\/eveil-musical-lille.fr\\\/index.php\\\/leveil-musical-a-lille-3\\\/\"},\"wordCount\":93,\"publisher\":{\"@id\":\"https:\\\/\\\/eveil-musical-lille.fr\\\/#organization\"},\"image\":{\"@id\":\"https:\\\/\\\/eveil-musical-lille.fr\\\/index.php\\\/leveil-musical-a-lille-3\\\/#primaryimage\"},\"thumbnailUrl\":\"https:\\\/\\\/eveil-musical-lille.fr\\\/wp-content\\\/uploads\\\/2022\\\/05\\\/horloge-2-250x300.png\",\"inLanguage\":\"en-US\"},{\"@type\":\"WebPage\",\"@id\":\"https:\\\/\\\/eveil-musical-lille.fr\\\/index.php\\\/leveil-musical-a-lille-3\\\/\",\"url\":\"https:\\\/\\\/eveil-musical-lille.fr\\\/index.php\\\/leveil-musical-a-lille-3\\\/\",\"name\":\"CONTACT - EVEIL MUSICAL A LILLE METROPOLE\",\"isPartOf\":{\"@id\":\"https:\\\/\\\/eveil-musical-lille.fr\\\/#website\"},\"primaryImageOfPage\":{\"@id\":\"https:\\\/\\\/eveil-musical-lille.fr\\\/index.php\\\/leveil-musical-a-lille-3\\\/#primaryimage\"},\"image\":{\"@id\":\"https:\\\/\\\/eveil-musical-lille.fr\\\/index.php\\\/leveil-musical-a-lille-3\\\/#primaryimage\"},\"thumbnailUrl\":\"https:\\\/\\\/eveil-musical-lille.fr\\\/wp-content\\\/uploads\\\/2022\\\/05\\\/horloge-2-250x300.png\",\"datePublished\":\"2022-04-20T08:41:23+00:00\",\"dateModified\":\"2024-07-20T12:09:46+00:00\",\"description\":\"Musician Kids Institute (l'\u00e9veil musical \u00e0 Lille) est une \u00e9cole professionnelle, situ\u00e9e \u00e0 Tourcoing, ouverte \u00e0 tous les \u00e9l\u00e8ves de 4 \u00e0 10 ans.\",\"breadcrumb\":{\"@id\":\"https:\\\/\\\/eveil-musical-lille.fr\\\/index.php\\\/leveil-musical-a-lille-3\\\/#breadcrumb\"},\"inLanguage\":\"en-US\",\"potentialAction\":[{\"@type\":\"ReadAction\",\"target\":[\"https:\\\/\\\/eveil-musical-lille.fr\\\/index.php\\\/leveil-musical-a-lille-3\\\/\"]}]},{\"@type\":\"ImageObject\",\"inLanguage\":\"en-US\",\"@id\":\"https:\\\/\\\/eveil-musical-lille.fr\\\/index.php\\\/leveil-musical-a-lille-3\\\/#primaryimage\",\"url\":\"https:\\\/\\\/eveil-musical-lille.fr\\\/wp-content\\\/uploads\\\/2022\\\/05\\\/horloge-2.png\",\"contentUrl\":\"https:\\\/\\\/eveil-musical-lille.fr\\\/wp-content\\\/uploads\\\/2022\\\/05\\\/horloge-2.png\",\"width\":818,\"height\":980},{\"@type\":\"BreadcrumbList\",\"@id\":\"https:\\\/\\\/eveil-musical-lille.fr\\\/index.php\\\/leveil-musical-a-lille-3\\\/#breadcrumb\",\"itemListElement\":[{\"@type\":\"ListItem\",\"position\":1,\"name\":\"Accueil\",\"item\":\"https:\\\/\\\/eveil-musical-lille.fr\\\/\"},{\"@type\":\"ListItem\",\"position\":2,\"name\":\"CONTACT\"}]},{\"@type\":\"WebSite\",\"@id\":\"https:\\\/\\\/eveil-musical-lille.fr\\\/#website\",\"url\":\"https:\\\/\\\/eveil-musical-lille.fr\\\/\",\"name\":\"EVEIL MUSICAL A LILLE METROPOLE\",\"description\":\"MUSICIAN KIDS INSTITUTE\",\"publisher\":{\"@id\":\"https:\\\/\\\/eveil-musical-lille.fr\\\/#organization\"},\"potentialAction\":[{\"@type\":\"SearchAction\",\"target\":{\"@type\":\"EntryPoint\",\"urlTemplate\":\"https:\\\/\\\/eveil-musical-lille.fr\\\/?s={search_term_string}\"},\"query-input\":{\"@type\":\"PropertyValueSpecification\",\"valueRequired\":true,\"valueName\":\"search_term_string\"}}],\"inLanguage\":\"en-US\"},{\"@type\":\"Organization\",\"@id\":\"https:\\\/\\\/eveil-musical-lille.fr\\\/#organization\",\"name\":\"Musician Kids Institute\",\"url\":\"https:\\\/\\\/eveil-musical-lille.fr\\\/\",\"logo\":{\"@type\":\"ImageObject\",\"inLanguage\":\"en-US\",\"@id\":\"https:\\\/\\\/eveil-musical-lille.fr\\\/#\\\/schema\\\/logo\\\/image\\\/\",\"url\":\"https:\\\/\\\/eveil-musical-lille.fr\\\/wp-content\\\/uploads\\\/2022\\\/04\\\/cropped-Logo-Kids-site-1.png\",\"contentUrl\":\"https:\\\/\\\/eveil-musical-lille.fr\\\/wp-content\\\/uploads\\\/2022\\\/04\\\/cropped-Logo-Kids-site-1.png\",\"width\":2000,\"height\":991,\"caption\":\"Musician Kids Institute\"},\"image\":{\"@id\":\"https:\\\/\\\/eveil-musical-lille.fr\\\/#\\\/schema\\\/logo\\\/image\\\/\"},\"sameAs\":[\"https:\\\/\\\/www.facebook.com\\\/Musician-Kids-Institute-101004575925575\\\/\"]},{\"@type\":\"Person\",\"@id\":\"https:\\\/\\\/eveil-musical-lille.fr\\\/#\\\/schema\\\/person\\\/70ed6027c232abf21f648b176cd6af93\",\"name\":\"admin3546\",\"image\":{\"@type\":\"ImageObject\",\"inLanguage\":\"en-US\",\"@id\":\"https:\\\/\\\/secure.gravatar.com\\\/avatar\\\/cfe1d948173a8bdb612aadd839c32e16c97fb43ac65fcb922ed5a748d384c00b?s=96&d=mm&r=g\",\"url\":\"https:\\\/\\\/secure.gravatar.com\\\/avatar\\\/cfe1d948173a8bdb612aadd839c32e16c97fb43ac65fcb922ed5a748d384c00b?s=96&d=mm&r=g\",\"contentUrl\":\"https:\\\/\\\/secure.gravatar.com\\\/avatar\\\/cfe1d948173a8bdb612aadd839c32e16c97fb43ac65fcb922ed5a748d384c00b?s=96&d=mm&r=g\",\"caption\":\"admin3546\"},\"sameAs\":[\"http:\\\/\\\/eveil-musical-lille.fr\"],\"url\":\"https:\\\/\\\/eveil-musical-lille.fr\\\/index.php\\\/author\\\/admin3546\\\/\"}]}<\/script>\n<!-- \/ Yoast SEO plugin. -->","yoast_head_json":{"title":"CONTACT - EVEIL MUSICAL A LILLE METROPOLE","description":"Musician Kids Institute (l'\u00e9veil musical \u00e0 Lille) est une \u00e9cole professionnelle, situ\u00e9e \u00e0 Tourcoing, ouverte \u00e0 tous les \u00e9l\u00e8ves de 4 \u00e0 10 ans.","robots":{"index":"index","follow":"follow","max-snippet":"max-snippet:-1","max-image-preview":"max-image-preview:large","max-video-preview":"max-video-preview:-1"},"canonical":"https:\/\/eveil-musical-lille.fr\/index.php\/leveil-musical-a-lille-3\/","og_locale":"en_US","og_type":"article","og_title":"CONTACT - EVEIL MUSICAL A LILLE METROPOLE","og_description":"Musician Kids Institute (l'\u00e9veil musical \u00e0 Lille) est une \u00e9cole professionnelle, situ\u00e9e \u00e0 Tourcoing, ouverte \u00e0 tous les \u00e9l\u00e8ves de 4 \u00e0 10 ans.","og_url":"https:\/\/eveil-musical-lille.fr\/index.php\/leveil-musical-a-lille-3\/","og_site_name":"EVEIL MUSICAL A LILLE METROPOLE","article_publisher":"https:\/\/www.facebook.com\/Musician-Kids-Institute-101004575925575\/","article_modified_time":"2024-07-20T12:09:46+00:00","og_image":[{"url":"https:\/\/eveil-musical-lille.fr\/wp-content\/uploads\/2022\/05\/horloge-2-250x300.png","type":"","width":"","height":""}],"twitter_card":"summary_large_image","twitter_misc":{"Est. reading time":"1 minute"},"schema":{"@context":"https:\/\/schema.org","@graph":[{"@type":"Article","@id":"https:\/\/eveil-musical-lille.fr\/index.php\/leveil-musical-a-lille-3\/#article","isPartOf":{"@id":"https:\/\/eveil-musical-lille.fr\/index.php\/leveil-musical-a-lille-3\/"},"author":{"name":"admin3546","@id":"https:\/\/eveil-musical-lille.fr\/#\/schema\/person\/70ed6027c232abf21f648b176cd6af93"},"headline":"CONTACT","datePublished":"2022-04-20T08:41:23+00:00","dateModified":"2024-07-20T12:09:46+00:00","mainEntityOfPage":{"@id":"https:\/\/eveil-musical-lille.fr\/index.php\/leveil-musical-a-lille-3\/"},"wordCount":93,"publisher":{"@id":"https:\/\/eveil-musical-lille.fr\/#organization"},"image":{"@id":"https:\/\/eveil-musical-lille.fr\/index.php\/leveil-musical-a-lille-3\/#primaryimage"},"thumbnailUrl":"https:\/\/eveil-musical-lille.fr\/wp-content\/uploads\/2022\/05\/horloge-2-250x300.png","inLanguage":"en-US"},{"@type":"WebPage","@id":"https:\/\/eveil-musical-lille.fr\/index.php\/leveil-musical-a-lille-3\/","url":"https:\/\/eveil-musical-lille.fr\/index.php\/leveil-musical-a-lille-3\/","name":"CONTACT - EVEIL MUSICAL A LILLE METROPOLE","isPartOf":{"@id":"https:\/\/eveil-musical-lille.fr\/#website"},"primaryImageOfPage":{"@id":"https:\/\/eveil-musical-lille.fr\/index.php\/leveil-musical-a-lille-3\/#primaryimage"},"image":{"@id":"https:\/\/eveil-musical-lille.fr\/index.php\/leveil-musical-a-lille-3\/#primaryimage"},"thumbnailUrl":"https:\/\/eveil-musical-lille.fr\/wp-content\/uploads\/2022\/05\/horloge-2-250x300.png","datePublished":"2022-04-20T08:41:23+00:00","dateModified":"2024-07-20T12:09:46+00:00","description":"Musician Kids Institute (l'\u00e9veil musical \u00e0 Lille) est une \u00e9cole professionnelle, situ\u00e9e \u00e0 Tourcoing, ouverte \u00e0 tous les \u00e9l\u00e8ves de 4 \u00e0 10 ans.","breadcrumb":{"@id":"https:\/\/eveil-musical-lille.fr\/index.php\/leveil-musical-a-lille-3\/#breadcrumb"},"inLanguage":"en-US","potentialAction":[{"@type":"ReadAction","target":["https:\/\/eveil-musical-lille.fr\/index.php\/leveil-musical-a-lille-3\/"]}]},{"@type":"ImageObject","inLanguage":"en-US","@id":"https:\/\/eveil-musical-lille.fr\/index.php\/leveil-musical-a-lille-3\/#primaryimage","url":"https:\/\/eveil-musical-lille.fr\/wp-content\/uploads\/2022\/05\/horloge-2.png","contentUrl":"https:\/\/eveil-musical-lille.fr\/wp-content\/uploads\/2022\/05\/horloge-2.png","width":818,"height":980},{"@type":"BreadcrumbList","@id":"https:\/\/eveil-musical-lille.fr\/index.php\/leveil-musical-a-lille-3\/#breadcrumb","itemListElement":[{"@type":"ListItem","position":1,"name":"Accueil","item":"https:\/\/eveil-musical-lille.fr\/"},{"@type":"ListItem","position":2,"name":"CONTACT"}]},{"@type":"WebSite","@id":"https:\/\/eveil-musical-lille.fr\/#website","url":"https:\/\/eveil-musical-lille.fr\/","name":"EVEIL MUSICAL A LILLE METROPOLE","description":"MUSICIAN KIDS INSTITUTE","publisher":{"@id":"https:\/\/eveil-musical-lille.fr\/#organization"},"potentialAction":[{"@type":"SearchAction","target":{"@type":"EntryPoint","urlTemplate":"https:\/\/eveil-musical-lille.fr\/?s={search_term_string}"},"query-input":{"@type":"PropertyValueSpecification","valueRequired":true,"valueName":"search_term_string"}}],"inLanguage":"en-US"},{"@type":"Organization","@id":"https:\/\/eveil-musical-lille.fr\/#organization","name":"Musician Kids Institute","url":"https:\/\/eveil-musical-lille.fr\/","logo":{"@type":"ImageObject","inLanguage":"en-US","@id":"https:\/\/eveil-musical-lille.fr\/#\/schema\/logo\/image\/","url":"https:\/\/eveil-musical-lille.fr\/wp-content\/uploads\/2022\/04\/cropped-Logo-Kids-site-1.png","contentUrl":"https:\/\/eveil-musical-lille.fr\/wp-content\/uploads\/2022\/04\/cropped-Logo-Kids-site-1.png","width":2000,"height":991,"caption":"Musician Kids Institute"},"image":{"@id":"https:\/\/eveil-musical-lille.fr\/#\/schema\/logo\/image\/"},"sameAs":["https:\/\/www.facebook.com\/Musician-Kids-Institute-101004575925575\/"]},{"@type":"Person","@id":"https:\/\/eveil-musical-lille.fr\/#\/schema\/person\/70ed6027c232abf21f648b176cd6af93","name":"admin3546","image":{"@type":"ImageObject","inLanguage":"en-US","@id":"https:\/\/secure.gravatar.com\/avatar\/cfe1d948173a8bdb612aadd839c32e16c97fb43ac65fcb922ed5a748d384c00b?s=96&d=mm&r=g","url":"https:\/\/secure.gravatar.com\/avatar\/cfe1d948173a8bdb612aadd839c32e16c97fb43ac65fcb922ed5a748d384c00b?s=96&d=mm&r=g","contentUrl":"https:\/\/secure.gravatar.com\/avatar\/cfe1d948173a8bdb612aadd839c32e16c97fb43ac65fcb922ed5a748d384c00b?s=96&d=mm&r=g","caption":"admin3546"},"sameAs":["http:\/\/eveil-musical-lille.fr"],"url":"https:\/\/eveil-musical-lille.fr\/index.php\/author\/admin3546\/"}]}},"_links":{"self":[{"href":"https:\/\/eveil-musical-lille.fr\/index.php\/wp-json\/wp\/v2\/pages\/184","targetHints":{"allow":["GET"]}}],"collection":[{"href":"https:\/\/eveil-musical-lille.fr\/index.php\/wp-json\/wp\/v2\/pages"}],"about":[{"href":"https:\/\/eveil-musical-lille.fr\/index.php\/wp-json\/wp\/v2\/types\/page"}],"author":[{"embeddable":true,"href":"https:\/\/eveil-musical-lille.fr\/index.php\/wp-json\/wp\/v2\/users\/1"}],"replies":[{"embeddable":true,"href":"https:\/\/eveil-musical-lille.fr\/index.php\/wp-json\/wp\/v2\/comments?post=184"}],"version-history":[{"count":15,"href":"https:\/\/eveil-musical-lille.fr\/index.php\/wp-json\/wp\/v2\/pages\/184\/revisions"}],"predecessor-version":[{"id":685,"href":"https:\/\/eveil-musical-lille.fr\/index.php\/wp-json\/wp\/v2\/pages\/184\/revisions\/685"}],"wp:attachment":[{"href":"https:\/\/eveil-musical-lille.fr\/index.php\/wp-json\/wp\/v2\/media?parent=184"}],"curies":[{"name":"wp","href":"https:\/\/api.w.org\/{rel}","templated":true}]}}