{"id":129,"date":"2022-04-19T18:59:04","date_gmt":"2022-04-19T16:59:04","guid":{"rendered":"http:\/\/eveil-musical-lille.fr\/?page_id=129"},"modified":"2024-07-20T14:08:17","modified_gmt":"2024-07-20T12:08:17","slug":"eveil-musical-lille","status":"publish","type":"page","link":"https:\/\/eveil-musical-lille.fr\/index.php\/eveil-musical-lille\/","title":{"rendered":"TARIFS"},"content":{"rendered":"<hr \/>\r\n<h1 class=\"has-text-align-right has-text-align-left has-text-color\" style=\"color: #ffffff;\"><em><span style=\"font-size: large;\">L&#8217;\u00e9veil musical \u00e0 Lille m\u00e9tropole : \u00ab\u00a0une formule clef en main\u00a0\u00bb<\/span><\/em><\/h1>\r\n\r\n\r\n\r\n<p class=\"has-text-align-justify has-text-color\" style=\"color: #ff8300; text-align: left;\"><span style=\"font-size: large;\"> <strong>L&#8217;heure individuelle ou &#8220;semi-individuelle&#8221; d&#8217;\u00e9veil musical \u00e0 Lille m\u00e9tropole : \u00e0 partir de 25,51 \u20ac TTC !<\/strong><\/span><\/p>\r\n<div style=\"text-indent: 30px;\">\r\n<p class=\"has-text-align-justify has-text-color\" style=\"color: #a6a6a6;\"><span style=\"font-size: large;\"><em><strong>Musician Kids Institute<\/strong><\/em> vous propose 3 types de forfaits. <br \/><\/span><\/p>\r\n<\/div>\r\n<ul>\r\n<li>\r\n<p class=\"has-text-align-justify has-text-color\" style=\"color: #a6a6a6;\"><span style=\"font-size: large;\">Forfait <strong>37 cours d&#8217;une heure<\/strong> (sur 10 mois) r\u00e9glables en 4 virements d&#8217;un montant de <strong>236 \u20ac TTC<\/strong>. <br \/>Economisez ainsi <strong>55 \u20ac TTC<\/strong> par rapport au forfait 3 mois.<br \/><\/span><\/p>\r\n<\/li>\r\n<li>\r\n<p class=\"has-text-align-justify has-text-color\" style=\"color: #a6a6a6;\"><span style=\"font-size: large;\">Forfait <strong>11 cours d&#8217;une heure<\/strong> (sur 3 mois). Dans ce cas, le forfait pour la p\u00e9riode s&#8217;\u00e9l\u00e8ve \u00e0 <strong>297 \u20ac TTC.<\/strong><br \/><\/span><\/p>\r\n<\/li>\r\n<li>\r\n<p class=\"has-text-align-justify has-text-color\" style=\"color: #a6a6a6;\"><span style=\"font-size: large;\">Forfait <strong>22 cours d&#8217;une heure<\/strong> (sur 6 mois). Dans ce cas, le forfait est r\u00e9glable en 2 virements d&#8217;un montant de <strong>289 \u20ac TTC.<\/strong><\/span><\/p>\r\n<\/li>\r\n<\/ul>\r\n<p class=\"has-text-align-justify has-text-color\" style=\"color: #a6a6a6;\"><span style=\"font-size: large;\"><em><br \/>N&#8217;h\u00e9sitez pas \u00e0 nous contacter au <a style=\"color: #ff8300;\" href=\"tel:0612667998\"><strong>06 12 66 79 98<\/strong><\/a> ou directement <a style=\"color: #ff8300;\" href=\"https:\/\/eveil-musical-lille.fr\/index.php\/leveil-musical-a-lille-3\/\" target=\"_blank\" rel=\"noopener\">ici<\/a> pour conna\u00eetre les modalit\u00e9s de r\u00e8glement.<\/em><\/span><\/p>\r\n<p class=\"has-text-align-justify has-text-color\" style=\"color: #a6a6a6;\"><span style=\"font-size: large;\">Notez qu&#8217;\u00e0 l&#8217;avenir, une \u00e9volution des cours vers des instruments plus sp\u00e9cifiques sera possible, gr\u00e2ce aux le\u00e7ons propos\u00e9es par <a style=\"color: #ff8300;\" href=\"https:\/\/cours-piano-lille.fr\/\" target=\"_blank\" rel=\"noopener\">Musician Institute<\/a>. Ainsi, votre enfant aura l&#8217;occasion de se sp\u00e9cialiser \u00e0 travers l&#8217;apprentissage d&#8217;un instrument, en cours particuliers.<\/span><\/p>\r\n<p>&nbsp;<\/p>\r\n<p><a href=\"https:\/\/eveil-musical-lille.fr\/index.php\/leveil-musical-a-lille-3\/\" target=\"_blank\" rel=\"noopener\"><img loading=\"lazy\" decoding=\"async\" class=\"alignnone wp-image-107 size-full\" title=\"\u00e9veil musical\" src=\"https:\/\/eveil-musical-lille.fr\/wp-content\/uploads\/2022\/04\/cropped-cropped-Logo-Kids-site.jpg\" alt=\"\u00e9veil musical\" width=\"1280\" height=\"400\" srcset=\"https:\/\/eveil-musical-lille.fr\/wp-content\/uploads\/2022\/04\/cropped-cropped-Logo-Kids-site.jpg 1280w, https:\/\/eveil-musical-lille.fr\/wp-content\/uploads\/2022\/04\/cropped-cropped-Logo-Kids-site-300x94.jpg 300w, https:\/\/eveil-musical-lille.fr\/wp-content\/uploads\/2022\/04\/cropped-cropped-Logo-Kids-site-1024x320.jpg 1024w, https:\/\/eveil-musical-lille.fr\/wp-content\/uploads\/2022\/04\/cropped-cropped-Logo-Kids-site-768x240.jpg 768w, https:\/\/eveil-musical-lille.fr\/wp-content\/uploads\/2022\/04\/cropped-cropped-Logo-Kids-site-1140x356.jpg 1140w\" sizes=\"auto, (max-width: 1280px) 100vw, 1280px\" \/><\/a><\/p>\r\n<h3 class=\"has-text-align-justify has-text-color\" style=\"color: #ff8300; text-align: left;\"><span style=\"font-size: large;\"><strong>R\u00e8gles g\u00e9n\u00e9rales<\/strong><\/span><\/h3>\r\n<ul>\r\n<li>\r\n<p class=\"has-text-align-justify has-text-color\" style=\"color: #a6a6a6;\">Les inscriptions sont <strong>ouvertes toute l&#8217;ann\u00e9e<\/strong>.<\/p>\r\n<\/li>\r\n<li>\r\n<p class=\"has-text-align-justify has-text-color\" style=\"color: #a6a6a6;\">Les cours ne d\u00e9marrent pas avant l\u2019\u00e2ge de 4 ans.<\/p>\r\n<\/li>\r\n<li>\r\n<p class=\"has-text-align-justify has-text-color\" style=\"color: #a6a6a6;\">Les inscriptions sont toujours effectu\u00e9es de date \u00e0 date. Par exemple, un \u00e9l\u00e8ve s\u2019engageant pour 10 mois de cours \u00e0 partir du 15 f\u00e9vrier terminera ses s\u00e9ances le 6 f\u00e9vrier de l\u2019ann\u00e9e suivante (mois de juillet et ao\u00fbt glissants).<\/p>\r\n<\/li>\r\n<li>\r\n<p class=\"has-text-align-justify has-text-color\" style=\"color: #a6a6a6;\">Pour optimiser la qualit\u00e9 de notre enseignement, ce dernier est uniquement donn\u00e9 \u00e0 titre individuel ou &#8220;semi-individuel&#8221; (2 \u00e9l\u00e8ves). Par cons\u00e9quent, les places sont limit\u00e9es en nombre.<\/p>\r\n<\/li>\r\n<li>\r\n<p class=\"has-text-align-justify has-text-color\" style=\"color: #a6a6a6;\">Les cours sont donn\u00e9s \u00e0 jour et cr\u00e9neau horaire fixe. En effet, une plage r\u00e9guli\u00e8re d\u2019enseignement vous est r\u00e9serv\u00e9e d\u00e8s la signature du contrat. Enfin, l&#8217;\u00e9cole reste ouverte les jours f\u00e9ri\u00e9s.<\/p>\r\n<\/li>\r\n<li>\r\n<p class=\"has-text-align-justify has-text-color\" style=\"color: #a6a6a6;\">Bien \u00e9videmment, un cours d&#8217;essai avant engagement est possible. Dans ce cas, <a style=\"color: #ff8300;\" href=\"https:\/\/eveil-musical-lille.fr\/index.php\/leveil-musical-a-lille-3\/\" target=\"_blank\" rel=\"noopener\">contactez-nous.<\/a><\/p>\r\n<\/li>\r\n<\/ul>\r\n<h3 class=\"has-text-align-justify has-text-color\" style=\"color: #ff8300; text-align: left;\"><span style=\"font-size: large;\"><strong>Mat\u00e9riel<\/strong><\/span><\/h3>\r\n<ul>\r\n<li>\r\n<p class=\"has-text-align-justify has-text-color\" style=\"color: #a6a6a6;\">L\u2019\u00e9l\u00e8ve doit imp\u00e9rativement ramener le mat\u00e9riel suivant \u00e0 chacun de ses cours : cahier de notes, stylo, clef USB.<\/p>\r\n<\/li>\r\n<li>\r\n<p class=\"has-text-align-justify has-text-color\" style=\"color: #a6a6a6;\">Tous les d\u00e9g\u00e2ts provoqu\u00e9s par un \u00e9l\u00e8ve sur le mat\u00e9riel de l\u2019\u00e9cole seront int\u00e9gralement \u00e0 la charge de la famille.<\/p>\r\n<\/li>\r\n<\/ul>\r\n<h3 class=\"has-text-align-justify has-text-color\" style=\"color: #ff8300; text-align: left;\"><span style=\"font-size: large;\"><strong>Annulations et rattrapages<\/strong><\/span><\/h3>\r\n<ul>\r\n<li>\r\n<p class=\"has-text-align-justify has-text-color\" style=\"color: #a6a6a6;\">En cas d\u2019annulation, la s\u00e9ance sera perdue.<\/p>\r\n<\/li>\r\n<li>\r\n<p class=\"has-text-align-justify has-text-color\" style=\"color: #a6a6a6;\">En cas d\u2019absence du professeur, le cours sera rembours\u00e9.<\/p>\r\n<\/li>\r\n<li>\r\n<p class=\"has-text-align-justify has-text-color\" style=\"color: #a6a6a6;\">De m\u00eame, nous nous r\u00e9servons le droit d\u2019annuler une pr\u00e9-r\u00e9servation si le nombre d\u2019inscriptions est insuffisant.\u00a0<\/p>\r\n<\/li>\r\n<\/ul>\r\n<p>&nbsp;<\/p>\r\n<p class=\"has-text-align-justify has-text-color\" style=\"color: #a6a6a6;\">En outre, si vous recherchez d&#8217;autres types de cours, vous trouverez ici :<\/p>\r\n<ul>\r\n<li style=\"list-style-type: none;\">\r\n<ul>\r\n<li>\r\n<p class=\"has-text-align-justify has-text-color\" style=\"color: #a6a6a6;\">Des cours de piano : <a style=\"color: #ff8300;\" href=\"https:\/\/cours-piano-lille.fr\/\" target=\"_blank\" rel=\"noopener\">Musician Institute<\/a><\/p>\r\n<\/li>\r\n<li>\r\n<p class=\"has-text-align-justify has-text-color\" style=\"color: #a6a6a6;\">Des cours de guitare pour adolescents et adultes :<a style=\"color: #ff8300;\" href=\"http:\/\/www.cours-guitare-lille.fr\" target=\"_blank\" rel=\"noopener\"> Guitar Lessons<\/a><\/p>\r\n<\/li>\r\n<li>\r\n<p class=\"has-text-align-justify has-text-color\" style=\"color: #a6a6a6;\">Des cours de ukul\u00e9l\u00e9 et de guitare basse : <a style=\"color: #ff8300;\" href=\"https:\/\/www.cours-guitare-lille.fr\/cours-guitare-lille-10\/\" target=\"_blank\" rel=\"noopener\">Ukul\u00e9l\u00e9 &#8211; Basse<\/a><\/p>\r\n<\/li>\r\n<\/ul>\r\n<\/li>\r\n<\/ul>\r\n<p><a href=\"https:\/\/eveil-musical-lille.fr\/index.php\/leveil-musical-a-lille-3\/\" target=\"_blank\" rel=\"noopener\"><img loading=\"lazy\" decoding=\"async\" class=\"alignright wp-image-516 size-medium\" title=\"\u00e9veil musical\" src=\"https:\/\/eveil-musical-lille.fr\/wp-content\/uploads\/2022\/05\/horloge-2-250x300.png\" alt=\"\u00e9veil musical\" width=\"50\" height=\"300\" \/><\/a><\/p>","protected":false},"excerpt":{"rendered":"<p>L&#8217;\u00e9veil musical \u00e0 Lille m\u00e9tropole : \u00ab\u00a0une formule clef en main\u00a0\u00bb L&#8217;heure individuelle ou &#8220;semi-individuelle&#8221; d&#8217;\u00e9veil musical \u00e0 Lille m\u00e9tropole : \u00e0 partir de 25,51 \u20ac TTC ! Musician Kids Institute vous propose 3 types de forfaits. Forfait 37 cours d&#8217;une heure (sur 10 mois) r\u00e9glables en 4 virements d&#8217;un montant de 236 \u20ac TTC.<\/p><\/div>\n<div class=\"blog-btn\"><a href=\"https:\/\/eveil-musical-lille.fr\/index.php\/eveil-musical-lille\/\" class=\"home-blog-btn\">Read More<\/a><\/p>\n","protected":false},"author":1,"featured_media":0,"parent":0,"menu_order":0,"comment_status":"closed","ping_status":"closed","template":"","meta":{"footnotes":""},"class_list":["post-129","page","type-page","status-publish","hentry"],"yoast_head":"<!-- This site is optimized with the Yoast SEO plugin v27.5 - https:\/\/yoast.com\/product\/yoast-seo-wordpress\/ -->\n<title>TARIFS - EVEIL MUSICAL A LILLE METROPOLE<\/title>\n<meta name=\"description\" content=\"Musician Kids Institute (l&#039;\u00e9veil musical \u00e0 Lille) est une \u00e9cole professionnelle, situ\u00e9e \u00e0 Tourcoing, ouverte \u00e0 tous les \u00e9l\u00e8ves de 4 \u00e0 10 ans.\" \/>\n<meta name=\"robots\" content=\"index, follow, max-snippet:-1, max-image-preview:large, max-video-preview:-1\" \/>\n<link rel=\"canonical\" href=\"https:\/\/eveil-musical-lille.fr\/index.php\/eveil-musical-lille\/\" \/>\n<meta property=\"og:locale\" content=\"en_US\" \/>\n<meta property=\"og:type\" content=\"article\" \/>\n<meta property=\"og:title\" content=\"TARIFS - EVEIL MUSICAL A LILLE METROPOLE\" \/>\n<meta property=\"og:description\" content=\"Musician Kids Institute (l&#039;\u00e9veil musical \u00e0 Lille) est une \u00e9cole professionnelle, situ\u00e9e \u00e0 Tourcoing, ouverte \u00e0 tous les \u00e9l\u00e8ves de 4 \u00e0 10 ans.\" \/>\n<meta property=\"og:url\" content=\"https:\/\/eveil-musical-lille.fr\/index.php\/eveil-musical-lille\/\" \/>\n<meta property=\"og:site_name\" content=\"EVEIL MUSICAL A LILLE METROPOLE\" \/>\n<meta property=\"article:publisher\" content=\"https:\/\/www.facebook.com\/Musician-Kids-Institute-101004575925575\/\" \/>\n<meta property=\"article:modified_time\" content=\"2024-07-20T12:08:17+00:00\" \/>\n<meta property=\"og:image\" content=\"https:\/\/eveil-musical-lille.fr\/wp-content\/uploads\/2022\/04\/cropped-cropped-Logo-Kids-site.jpg\" \/>\n<meta name=\"twitter:card\" content=\"summary_large_image\" \/>\n<meta name=\"twitter:label1\" content=\"Est. reading time\" \/>\n\t<meta name=\"twitter:data1\" content=\"3 minutes\" \/>\n<script type=\"application\/ld+json\" class=\"yoast-schema-graph\">{\"@context\":\"https:\\\/\\\/schema.org\",\"@graph\":[{\"@type\":\"Article\",\"@id\":\"https:\\\/\\\/eveil-musical-lille.fr\\\/index.php\\\/eveil-musical-lille\\\/#article\",\"isPartOf\":{\"@id\":\"https:\\\/\\\/eveil-musical-lille.fr\\\/index.php\\\/eveil-musical-lille\\\/\"},\"author\":{\"name\":\"admin3546\",\"@id\":\"https:\\\/\\\/eveil-musical-lille.fr\\\/#\\\/schema\\\/person\\\/70ed6027c232abf21f648b176cd6af93\"},\"headline\":\"TARIFS\",\"datePublished\":\"2022-04-19T16:59:04+00:00\",\"dateModified\":\"2024-07-20T12:08:17+00:00\",\"mainEntityOfPage\":{\"@id\":\"https:\\\/\\\/eveil-musical-lille.fr\\\/index.php\\\/eveil-musical-lille\\\/\"},\"wordCount\":437,\"publisher\":{\"@id\":\"https:\\\/\\\/eveil-musical-lille.fr\\\/#organization\"},\"image\":{\"@id\":\"https:\\\/\\\/eveil-musical-lille.fr\\\/index.php\\\/eveil-musical-lille\\\/#primaryimage\"},\"thumbnailUrl\":\"https:\\\/\\\/eveil-musical-lille.fr\\\/wp-content\\\/uploads\\\/2022\\\/04\\\/cropped-cropped-Logo-Kids-site.jpg\",\"inLanguage\":\"en-US\"},{\"@type\":\"WebPage\",\"@id\":\"https:\\\/\\\/eveil-musical-lille.fr\\\/index.php\\\/eveil-musical-lille\\\/\",\"url\":\"https:\\\/\\\/eveil-musical-lille.fr\\\/index.php\\\/eveil-musical-lille\\\/\",\"name\":\"TARIFS - EVEIL MUSICAL A LILLE METROPOLE\",\"isPartOf\":{\"@id\":\"https:\\\/\\\/eveil-musical-lille.fr\\\/#website\"},\"primaryImageOfPage\":{\"@id\":\"https:\\\/\\\/eveil-musical-lille.fr\\\/index.php\\\/eveil-musical-lille\\\/#primaryimage\"},\"image\":{\"@id\":\"https:\\\/\\\/eveil-musical-lille.fr\\\/index.php\\\/eveil-musical-lille\\\/#primaryimage\"},\"thumbnailUrl\":\"https:\\\/\\\/eveil-musical-lille.fr\\\/wp-content\\\/uploads\\\/2022\\\/04\\\/cropped-cropped-Logo-Kids-site.jpg\",\"datePublished\":\"2022-04-19T16:59:04+00:00\",\"dateModified\":\"2024-07-20T12:08:17+00:00\",\"description\":\"Musician Kids Institute (l'\u00e9veil musical \u00e0 Lille) est une \u00e9cole professionnelle, situ\u00e9e \u00e0 Tourcoing, ouverte \u00e0 tous les \u00e9l\u00e8ves de 4 \u00e0 10 ans.\",\"breadcrumb\":{\"@id\":\"https:\\\/\\\/eveil-musical-lille.fr\\\/index.php\\\/eveil-musical-lille\\\/#breadcrumb\"},\"inLanguage\":\"en-US\",\"potentialAction\":[{\"@type\":\"ReadAction\",\"target\":[\"https:\\\/\\\/eveil-musical-lille.fr\\\/index.php\\\/eveil-musical-lille\\\/\"]}]},{\"@type\":\"ImageObject\",\"inLanguage\":\"en-US\",\"@id\":\"https:\\\/\\\/eveil-musical-lille.fr\\\/index.php\\\/eveil-musical-lille\\\/#primaryimage\",\"url\":\"https:\\\/\\\/eveil-musical-lille.fr\\\/wp-content\\\/uploads\\\/2022\\\/04\\\/cropped-cropped-Logo-Kids-site.jpg\",\"contentUrl\":\"https:\\\/\\\/eveil-musical-lille.fr\\\/wp-content\\\/uploads\\\/2022\\\/04\\\/cropped-cropped-Logo-Kids-site.jpg\",\"width\":1280,\"height\":400},{\"@type\":\"BreadcrumbList\",\"@id\":\"https:\\\/\\\/eveil-musical-lille.fr\\\/index.php\\\/eveil-musical-lille\\\/#breadcrumb\",\"itemListElement\":[{\"@type\":\"ListItem\",\"position\":1,\"name\":\"Accueil\",\"item\":\"https:\\\/\\\/eveil-musical-lille.fr\\\/\"},{\"@type\":\"ListItem\",\"position\":2,\"name\":\"TARIFS\"}]},{\"@type\":\"WebSite\",\"@id\":\"https:\\\/\\\/eveil-musical-lille.fr\\\/#website\",\"url\":\"https:\\\/\\\/eveil-musical-lille.fr\\\/\",\"name\":\"EVEIL MUSICAL A LILLE METROPOLE\",\"description\":\"MUSICIAN KIDS INSTITUTE\",\"publisher\":{\"@id\":\"https:\\\/\\\/eveil-musical-lille.fr\\\/#organization\"},\"potentialAction\":[{\"@type\":\"SearchAction\",\"target\":{\"@type\":\"EntryPoint\",\"urlTemplate\":\"https:\\\/\\\/eveil-musical-lille.fr\\\/?s={search_term_string}\"},\"query-input\":{\"@type\":\"PropertyValueSpecification\",\"valueRequired\":true,\"valueName\":\"search_term_string\"}}],\"inLanguage\":\"en-US\"},{\"@type\":\"Organization\",\"@id\":\"https:\\\/\\\/eveil-musical-lille.fr\\\/#organization\",\"name\":\"Musician Kids Institute\",\"url\":\"https:\\\/\\\/eveil-musical-lille.fr\\\/\",\"logo\":{\"@type\":\"ImageObject\",\"inLanguage\":\"en-US\",\"@id\":\"https:\\\/\\\/eveil-musical-lille.fr\\\/#\\\/schema\\\/logo\\\/image\\\/\",\"url\":\"https:\\\/\\\/eveil-musical-lille.fr\\\/wp-content\\\/uploads\\\/2022\\\/04\\\/cropped-Logo-Kids-site-1.png\",\"contentUrl\":\"https:\\\/\\\/eveil-musical-lille.fr\\\/wp-content\\\/uploads\\\/2022\\\/04\\\/cropped-Logo-Kids-site-1.png\",\"width\":2000,\"height\":991,\"caption\":\"Musician Kids Institute\"},\"image\":{\"@id\":\"https:\\\/\\\/eveil-musical-lille.fr\\\/#\\\/schema\\\/logo\\\/image\\\/\"},\"sameAs\":[\"https:\\\/\\\/www.facebook.com\\\/Musician-Kids-Institute-101004575925575\\\/\"]},{\"@type\":\"Person\",\"@id\":\"https:\\\/\\\/eveil-musical-lille.fr\\\/#\\\/schema\\\/person\\\/70ed6027c232abf21f648b176cd6af93\",\"name\":\"admin3546\",\"image\":{\"@type\":\"ImageObject\",\"inLanguage\":\"en-US\",\"@id\":\"https:\\\/\\\/secure.gravatar.com\\\/avatar\\\/cfe1d948173a8bdb612aadd839c32e16c97fb43ac65fcb922ed5a748d384c00b?s=96&d=mm&r=g\",\"url\":\"https:\\\/\\\/secure.gravatar.com\\\/avatar\\\/cfe1d948173a8bdb612aadd839c32e16c97fb43ac65fcb922ed5a748d384c00b?s=96&d=mm&r=g\",\"contentUrl\":\"https:\\\/\\\/secure.gravatar.com\\\/avatar\\\/cfe1d948173a8bdb612aadd839c32e16c97fb43ac65fcb922ed5a748d384c00b?s=96&d=mm&r=g\",\"caption\":\"admin3546\"},\"sameAs\":[\"http:\\\/\\\/eveil-musical-lille.fr\"],\"url\":\"https:\\\/\\\/eveil-musical-lille.fr\\\/index.php\\\/author\\\/admin3546\\\/\"}]}<\/script>\n<!-- \/ Yoast SEO plugin. -->","yoast_head_json":{"title":"TARIFS - EVEIL MUSICAL A LILLE METROPOLE","description":"Musician Kids Institute (l'\u00e9veil musical \u00e0 Lille) est une \u00e9cole professionnelle, situ\u00e9e \u00e0 Tourcoing, ouverte \u00e0 tous les \u00e9l\u00e8ves de 4 \u00e0 10 ans.","robots":{"index":"index","follow":"follow","max-snippet":"max-snippet:-1","max-image-preview":"max-image-preview:large","max-video-preview":"max-video-preview:-1"},"canonical":"https:\/\/eveil-musical-lille.fr\/index.php\/eveil-musical-lille\/","og_locale":"en_US","og_type":"article","og_title":"TARIFS - EVEIL MUSICAL A LILLE METROPOLE","og_description":"Musician Kids Institute (l'\u00e9veil musical \u00e0 Lille) est une \u00e9cole professionnelle, situ\u00e9e \u00e0 Tourcoing, ouverte \u00e0 tous les \u00e9l\u00e8ves de 4 \u00e0 10 ans.","og_url":"https:\/\/eveil-musical-lille.fr\/index.php\/eveil-musical-lille\/","og_site_name":"EVEIL MUSICAL A LILLE METROPOLE","article_publisher":"https:\/\/www.facebook.com\/Musician-Kids-Institute-101004575925575\/","article_modified_time":"2024-07-20T12:08:17+00:00","og_image":[{"url":"https:\/\/eveil-musical-lille.fr\/wp-content\/uploads\/2022\/04\/cropped-cropped-Logo-Kids-site.jpg","type":"","width":"","height":""}],"twitter_card":"summary_large_image","twitter_misc":{"Est. reading time":"3 minutes"},"schema":{"@context":"https:\/\/schema.org","@graph":[{"@type":"Article","@id":"https:\/\/eveil-musical-lille.fr\/index.php\/eveil-musical-lille\/#article","isPartOf":{"@id":"https:\/\/eveil-musical-lille.fr\/index.php\/eveil-musical-lille\/"},"author":{"name":"admin3546","@id":"https:\/\/eveil-musical-lille.fr\/#\/schema\/person\/70ed6027c232abf21f648b176cd6af93"},"headline":"TARIFS","datePublished":"2022-04-19T16:59:04+00:00","dateModified":"2024-07-20T12:08:17+00:00","mainEntityOfPage":{"@id":"https:\/\/eveil-musical-lille.fr\/index.php\/eveil-musical-lille\/"},"wordCount":437,"publisher":{"@id":"https:\/\/eveil-musical-lille.fr\/#organization"},"image":{"@id":"https:\/\/eveil-musical-lille.fr\/index.php\/eveil-musical-lille\/#primaryimage"},"thumbnailUrl":"https:\/\/eveil-musical-lille.fr\/wp-content\/uploads\/2022\/04\/cropped-cropped-Logo-Kids-site.jpg","inLanguage":"en-US"},{"@type":"WebPage","@id":"https:\/\/eveil-musical-lille.fr\/index.php\/eveil-musical-lille\/","url":"https:\/\/eveil-musical-lille.fr\/index.php\/eveil-musical-lille\/","name":"TARIFS - EVEIL MUSICAL A LILLE METROPOLE","isPartOf":{"@id":"https:\/\/eveil-musical-lille.fr\/#website"},"primaryImageOfPage":{"@id":"https:\/\/eveil-musical-lille.fr\/index.php\/eveil-musical-lille\/#primaryimage"},"image":{"@id":"https:\/\/eveil-musical-lille.fr\/index.php\/eveil-musical-lille\/#primaryimage"},"thumbnailUrl":"https:\/\/eveil-musical-lille.fr\/wp-content\/uploads\/2022\/04\/cropped-cropped-Logo-Kids-site.jpg","datePublished":"2022-04-19T16:59:04+00:00","dateModified":"2024-07-20T12:08:17+00:00","description":"Musician Kids Institute (l'\u00e9veil musical \u00e0 Lille) est une \u00e9cole professionnelle, situ\u00e9e \u00e0 Tourcoing, ouverte \u00e0 tous les \u00e9l\u00e8ves de 4 \u00e0 10 ans.","breadcrumb":{"@id":"https:\/\/eveil-musical-lille.fr\/index.php\/eveil-musical-lille\/#breadcrumb"},"inLanguage":"en-US","potentialAction":[{"@type":"ReadAction","target":["https:\/\/eveil-musical-lille.fr\/index.php\/eveil-musical-lille\/"]}]},{"@type":"ImageObject","inLanguage":"en-US","@id":"https:\/\/eveil-musical-lille.fr\/index.php\/eveil-musical-lille\/#primaryimage","url":"https:\/\/eveil-musical-lille.fr\/wp-content\/uploads\/2022\/04\/cropped-cropped-Logo-Kids-site.jpg","contentUrl":"https:\/\/eveil-musical-lille.fr\/wp-content\/uploads\/2022\/04\/cropped-cropped-Logo-Kids-site.jpg","width":1280,"height":400},{"@type":"BreadcrumbList","@id":"https:\/\/eveil-musical-lille.fr\/index.php\/eveil-musical-lille\/#breadcrumb","itemListElement":[{"@type":"ListItem","position":1,"name":"Accueil","item":"https:\/\/eveil-musical-lille.fr\/"},{"@type":"ListItem","position":2,"name":"TARIFS"}]},{"@type":"WebSite","@id":"https:\/\/eveil-musical-lille.fr\/#website","url":"https:\/\/eveil-musical-lille.fr\/","name":"EVEIL MUSICAL A LILLE METROPOLE","description":"MUSICIAN KIDS INSTITUTE","publisher":{"@id":"https:\/\/eveil-musical-lille.fr\/#organization"},"potentialAction":[{"@type":"SearchAction","target":{"@type":"EntryPoint","urlTemplate":"https:\/\/eveil-musical-lille.fr\/?s={search_term_string}"},"query-input":{"@type":"PropertyValueSpecification","valueRequired":true,"valueName":"search_term_string"}}],"inLanguage":"en-US"},{"@type":"Organization","@id":"https:\/\/eveil-musical-lille.fr\/#organization","name":"Musician Kids Institute","url":"https:\/\/eveil-musical-lille.fr\/","logo":{"@type":"ImageObject","inLanguage":"en-US","@id":"https:\/\/eveil-musical-lille.fr\/#\/schema\/logo\/image\/","url":"https:\/\/eveil-musical-lille.fr\/wp-content\/uploads\/2022\/04\/cropped-Logo-Kids-site-1.png","contentUrl":"https:\/\/eveil-musical-lille.fr\/wp-content\/uploads\/2022\/04\/cropped-Logo-Kids-site-1.png","width":2000,"height":991,"caption":"Musician Kids Institute"},"image":{"@id":"https:\/\/eveil-musical-lille.fr\/#\/schema\/logo\/image\/"},"sameAs":["https:\/\/www.facebook.com\/Musician-Kids-Institute-101004575925575\/"]},{"@type":"Person","@id":"https:\/\/eveil-musical-lille.fr\/#\/schema\/person\/70ed6027c232abf21f648b176cd6af93","name":"admin3546","image":{"@type":"ImageObject","inLanguage":"en-US","@id":"https:\/\/secure.gravatar.com\/avatar\/cfe1d948173a8bdb612aadd839c32e16c97fb43ac65fcb922ed5a748d384c00b?s=96&d=mm&r=g","url":"https:\/\/secure.gravatar.com\/avatar\/cfe1d948173a8bdb612aadd839c32e16c97fb43ac65fcb922ed5a748d384c00b?s=96&d=mm&r=g","contentUrl":"https:\/\/secure.gravatar.com\/avatar\/cfe1d948173a8bdb612aadd839c32e16c97fb43ac65fcb922ed5a748d384c00b?s=96&d=mm&r=g","caption":"admin3546"},"sameAs":["http:\/\/eveil-musical-lille.fr"],"url":"https:\/\/eveil-musical-lille.fr\/index.php\/author\/admin3546\/"}]}},"_links":{"self":[{"href":"https:\/\/eveil-musical-lille.fr\/index.php\/wp-json\/wp\/v2\/pages\/129","targetHints":{"allow":["GET"]}}],"collection":[{"href":"https:\/\/eveil-musical-lille.fr\/index.php\/wp-json\/wp\/v2\/pages"}],"about":[{"href":"https:\/\/eveil-musical-lille.fr\/index.php\/wp-json\/wp\/v2\/types\/page"}],"author":[{"embeddable":true,"href":"https:\/\/eveil-musical-lille.fr\/index.php\/wp-json\/wp\/v2\/users\/1"}],"replies":[{"embeddable":true,"href":"https:\/\/eveil-musical-lille.fr\/index.php\/wp-json\/wp\/v2\/comments?post=129"}],"version-history":[{"count":47,"href":"https:\/\/eveil-musical-lille.fr\/index.php\/wp-json\/wp\/v2\/pages\/129\/revisions"}],"predecessor-version":[{"id":681,"href":"https:\/\/eveil-musical-lille.fr\/index.php\/wp-json\/wp\/v2\/pages\/129\/revisions\/681"}],"wp:attachment":[{"href":"https:\/\/eveil-musical-lille.fr\/index.php\/wp-json\/wp\/v2\/media?parent=129"}],"curies":[{"name":"wp","href":"https:\/\/api.w.org\/{rel}","templated":true}]}}